{"version":"1.0","provider_name":"Csal\u00e1di \u00e9let a gy\u00e1m\u00fcgy nyom\u00e1sa alatt","provider_url":"https:\/\/pilcz.cafeblog.hu","author_name":"pilczr@freemail.hu","author_url":"https:\/\/pilcz.cafeblog.hu\/author\/pilczrfreemail-hu\/","title":"\u00daj munkahely","html":"<p style=\"text-align: center\">Hello<\/p>\r\n<p>&nbsp;<\/p>\r\n<p>El\u0151sz\u00f6r is egy megjegyz\u00e9s m\u00e1ra. Az olvasotts\u00e1g. T\u00f6bb sz\u00e1zas a mai n\u00e9zetts\u00e9gem. Lehet valahol megosztottak, vagy nem tudom mire v\u00e9lni. Mondjuk nem rossz, tal\u00e1n seg\u00edt is ez valakin.\u00a0<\/p>\r\n<p>Nos ny\u00e1ron beadtam a TB fele a r\u00e1szor\u00falts\u00e1gi alapon a TB k\u00e9relmet. Na azt tov\u00e1bbi\u00edtott\u00e1k jogk\u00f6r hi\u00e1ny\u00e1ban a Korm\u00e1nyhivatal gy\u00e1m\u00fcgy szoc oszt\u00e1lya fel\u00e9...... Hogy mi k\u00f6ze hozz\u00e1.......passz. M\u00falt h\u00e9t cs\u00fct\u00f6rt\u00f6k, megkaptam lev\u00e9lbe, hogy 2020.nov.20-2021.nov.21-ig van hat\u00f3s\u00e1gi igazol\u00e1som TB-r\u0151l.\u00a0 Durv\u00e1n f\u00e9l \u00e9vbe telt az elint\u00e9z\u00e9se. \u00c9s most 07-\u00e9n kezdek a munkahelyen. 2020.07 h\u00f3napban voltam utolj\u00e1ra b\u0151rgy\u00f3gy\u00e1szn\u00e1l a pikkelys\u00f6m\u00f6r injekci\u00f3k miatt. Mivel \"h\u0151s vez\u00edr\u00fcnk\", hogy a j\u00f3 k. \u00e9des anyj\u00e1t neki, az embert\u0151l vonj\u00e1k egy \u00e9leten \u00e1t, de ha kell, akkor meg nincs, mert \u00e9n nem dolgozom. Na igen kir\u00fagfnak mert elt\u00f6r\u00f6m a keresztcsontom, ut\u00e1na meg sorozatosan kapom az \u00e1ll\u00e1s megkeres\u00e9sre az elutas\u00edt\u00f3 leveleket.... Itt a mai pl.:\"<\/p>\r\n<p>Tisztelt\u00a0\u00a0Pilcz R\u00f3bert!<\/p>\r\n<p>K\u00f6sz\u00f6nj\u00fck jelentkez\u00e9s\u00e9t \u00e9s az ALDI Magyarorsz\u00e1g \u00c9lelmiszer Bt. ir\u00e1nti \u00e9rdekl\u0151d\u00e9s\u00e9t!<br \/>Szeretn\u00e9nk arr\u00f3l t\u00e1j\u00e9koztatni, hogy a\/z\u00a0<span>M\u0171szaki munkat\u00e1rs<\/span>\u00a0poz\u00edci\u00f3ra beadott jelentkez\u00e9sek k\u00f6z\u00fcl az \u00d6n\u00e9vel nem l\u00e9p\u00fcnk tov\u00e1bb, \u00edgy a fenti poz\u00edci\u00f3ra vonatkoz\u00f3 toborz\u00e1si folyamatban val\u00f3 r\u00e9szv\u00e9tele lez\u00e1rult.<\/p>\r\n<p>A\u00a0<a href=\"https:\/\/karrier.aldi.hu\/\" target=\"_blank\" rel=\"noopener\">karrier.aldi.hu<\/a>\u00a0weboldalunkon folyamatosan t\u00e1j\u00e9koz\u00f3dhat aktu\u00e1lisan nyitott \u00e1ll\u00e1saj\u00e1nlatainkr\u00f3l. K\u00f6sz\u00f6nettel v\u00e1rjuk \u00fajb\u00f3li jelentkez\u00e9s\u00e9t, ha egy\u00e9b nyitott \u00e1ll\u00e1slehet\u0151s\u00e9geink egyik\u00e9ben sz\u00edvesen dolgozna vel\u00fcnk egy\u00fctt.<\/p>\r\n<p>Amennyiben m\u00e1s poz\u00edci\u00f3ra is jelentkezett hozz\u00e1nk, azt a tov\u00e1bbiakban is tekintetbe vessz\u00fck, \u00e9s hamarosan visszajelz\u00fcnk az \u00d6n sz\u00e1m\u00e1ra.<\/p>\r\n<p>K\u00edv\u00e1nunk minden j\u00f3t, \u00fcdv\u00f6zlettel<br \/>Best regards<\/p>\r\n<p><br \/><strong>HR oszt\u00e1ly \"<\/strong><\/p>\r\n<p>Naponta kocsik\u00e1zhattam volna nem is keveset, de semmi... Most megyek a Vidibe protekci\u00f3val dolgozni. Azon sokak egyike vagyok, aki nem regelt munkan\u00e9lk\u00fcli volt. Minek legyek ott. P\u00e9nz nincs, de az id\u0151m elveszik, hogy bej\u00e1rjak oda. Febru\u00e1r \u00f3ta kerestem munk\u00e1t, de nem tal\u00e1ltam olyat, amit a gyerekek mellett\u00a0 tudtam volna csin\u00e1lni.<\/p>\r\n<p>Mai nap az els\u0151 suli nap. Elvittem a gyerekeket suliba, majd b\u0151rgy\u00f3gy\u00e1szat, k\u00e9rtem a v\u00e9nyt a gy\u00f3gyszerhez, nagy nehezen megkaptam. Ut\u00e1na be a Patik\u00e1ba, ott a pap\u00edrt leadtam, holnap megkapom. Na j\u00f6n \u00fajra a heti szurk\u00e1l\u00e1s. Ut\u00e1na kiment\u00fcnk az \u00fcgyv\u00e9dn\u0151h\u00f6z, aki a p\u00e1rtfog\u00f3 n\u00fcgyv\u00e9dem az INHOLD ZRT-vel szemben. K\u00f6lts\u00e9gmentress\u00e9gi k\u00e9relem leadva, plusz a pap\u00edrok amiket kaptam. K\u00f6zben vettem 30 kg krumplit is. Havi szinten egy zs\u00e1k elmegy. Azt k\u00f6vet\u0151en j\u00f6tt az Auchan, mert onnan is j\u00f6tt az sms, hogy mehetek a garanci\u00e1lis szeletel\u0151\u00e9rt. Jav\u00edtani nem tudt\u00e1k, vissza kaptam a p\u00e9nzt. Kis tankol\u00e1s, \u00e9s haza. Eb\u00e9d f\u0151z\u00e9s, k\u00f6zben g\u00f6r\u00e9nyek kiengedve, had \u00e9rezz\u00e9k j\u00f3l magukat...... H\u00e1t j\u00f3l is \u00e9rezt\u00e9k... :).\u00a0<\/p>\r\n<p>No most kb ennyi.... :) Hell\u00f3<\/p>","type":"rich"}