{"version":"1.0","provider_name":"Csal\u00e1di \u00e9let a gy\u00e1m\u00fcgy nyom\u00e1sa alatt","provider_url":"https:\/\/pilcz.cafeblog.hu","author_name":"pilczr@freemail.hu","author_url":"https:\/\/pilcz.cafeblog.hu\/author\/pilczrfreemail-hu\/","title":"R\u00e1galmaz\u00e1si per","html":"<p style=\"text-align: center\">Hello<\/p>\r\n<p>&nbsp;<\/p>\r\n<p>Mai nap a telefon jelezte, hogy perem van ma.\u00a0 El is felejtettem. Nagyj\u00e1b\u00f3l fel voltam k\u00e9sz\u00fclve, minden le\u00edrva, kinyomtatva. Ugyan ez a volt per is. Na visszat\u00e9rek a mai napra. Folyamatosan naponta 2 megtekint\u00e9s van az oldalamon, sejtem kik azok :).\u00a0 A mai nap d\u00e9lel\u0151tt elment hamar. A per k\u00f6r\u00fcl forgott az agyam, mit mondok, mit terjesztek el\u0151 stb. Enn\u00e9l is a nagy nyilv\u00e1noss\u00e1g, aljas indokb\u00f3l elk\u00f6vetett r\u00e9szt akartam r\u00e1juk h\u00fazni, de ez ma meghi\u00fasult. A nadan\u00f3 beteg, korh\u00e1zban van...\u2026. De sajn\u00e1lom. A nadap\u00f3 hozott vmi igazol\u00e1st, hogy korh\u00e1zban van. Kaptunk \u00faj id\u0151pontot, janu\u00e1r 27 lesz.\u00a0 A nadap\u00f3 k\u00f6z\u00f6lte, hogy a nadan\u00f3 akkor is beteg lesz. H\u00fazza az id\u0151t \u00fagy n\u00e9z ki. Mondjuk legk\u00f6zelebb ha nem j\u00f6n el, akkor n\u00e9lk\u00fcle k\u00e9ne megtartani, vagy nem is tudom, ut\u00e1na k\u00e9ne n\u00e9znem, hogy mik a jogaim. Rend\u0151rs\u00e9get k\u00e9ne r\u00e1 k\u00fcldenem, hogy \u00fatnak ind\u00edtsa \u0151ket..... Lehet ezzel \u00e9lni is fogok majd. Annyira tudja, hogy akkor is beteg lesz, vagy m\u00e1r hal\u00e1l\u00e1n van. A pia miatt m\u00e1r egy agy\u00e9rg\u00f6rcse volt, lehet most is ak\u00f6r\u00fcl van vmi. Nem fogok hazudni, nem b\u00e1nn\u00e1m, hogyha lenne vmi vele. Egy gond m\u00ednusz lenne. Mindenki azt kapja amit meg\u00e9rdemel.\u00a0<\/p>\r\n<p>Most j\u00f6tt haza a l\u00e1nyom, mondtam, hogy korh\u00e1zba van, nem \u00e9rdekli. Ide vezetett a szarkever\u00e9s\u00fck, ut\u00e1latt\u00e1. Ha elpatkol, akkor nem kell vinnem \u0151ket temet\u00e9sre. Mondjuk az \u00e1lszents\u00e9g lenne. Ha itt sem akar vel\u00fck tal\u00e1lkozni, akkor a s\u00edrn\u00e1l igen. Maguknak kerest\u00e9k. \u00a0 Vagy t\u00e9nyleg elmenni, hogy l\u00e1ssuk a f\u00f6ld al\u00e1 ker\u00fclt.....\u00a0<\/p>\r\n<p>Viszont a b\u00edr\u00f3s\u00e1gra elk\u00fcld\u00f6m a pap\u00edrt, hogy rend\u0151rs\u00e9gi ind\u00edt\u00e1st k\u00e9rek a b\u00edr\u00f3s\u00e1gi elsz\u00f3l\u00e1sa miatt. Id\u0151h\u00faz\u00e1s ez semmi t\u00f6bb szerintem. \u00c9n meg ezt elakarom rendezni, hogy a polg\u00e1rit el tudjam ind\u00edtani.\u00a0<\/p>\r\n<p>Most ennyi.....<\/p>","type":"rich"}