{"version":"1.0","provider_name":"Csal\u00e1di \u00e9let a gy\u00e1m\u00fcgy nyom\u00e1sa alatt","provider_url":"https:\/\/pilcz.cafeblog.hu","author_name":"pilczr@freemail.hu","author_url":"https:\/\/pilcz.cafeblog.hu\/author\/pilczrfreemail-hu\/","title":"Feljelent\u00e9s","html":"<p style=\"text-align: center\">Hello<\/p>\r\n<p style=\"text-align: left\">Kicsit elegem lett. Rend\u0151rs\u00e9g feljelent\u00e9s gy\u00e1m\u00fcgy ellen.\u00a0 R\u00e1galmaz\u00e1s-szexu\u00e1lis abozus, v\u00e9delembe helyez\u00e9s, (m\u00e1r ez a m\u00e1sodik, az\u00e9rt maradtak v\u00e9delembe, mert anyucival nem vagyok hajland\u00f3 besz\u00e9lni. Ez nem lehet ok.). Nevel\u00e9sbe v\u00e9tel (mert nem voltam hajland\u00f3 a gyereket elvinni l\u00e1that\u00e1sra, ahova nem akart menni.\u00a0 \u00c9s most a kiskor\u00fa vesz\u00e9lyeztet\u00e9se.\u00a0 Ami\u00f3ta elhat\u00e1roztam, hogy nem viszem a gyereket l\u00e1that\u00e1sra, ezt meg is mondtam a gyereknek, az\u00f3ta megint nyugodt, \u00e9s nem kell gy\u00f3gyszereznem. De fura. Akkor ki is teszi t\u00f6nkre a gyereket?\u00a0 A b\u00edr\u00f3s\u00e1gra \u00e1lland\u00f3an adom be a t\u00e1voltart\u00e1sihoz a pap\u00edrt, mindig valami bajuk van. A legjobb ez a papir lenne, de most m\u00e1r elindult a folyamat. Nekem ez m\u00e1r tulkap\u00e1snak t\u0171nik, hivatali vissza\u00e9l\u00e9snek. Rend\u0151rs\u00e9g, ut\u00e1na b\u00edr\u00f3s\u00e1g. \u00c9s anyagilag is felel\u0151ss\u00e9 fogom tenni \u0151ket.\u00a0 A l\u00e1nyoma is tegnap vittem a gy\u00e1m\u00fcgy nyom\u00e1s\u00e1ra agykurk\u00e1szhoz. Mi j\u00f6tt ki.... Neki is kell a kezel\u00e9s.\u00a0 Akkor az orsz\u00e1gban mindenkinek kellene. Vmi ok lenne.\u00a0 Visszat\u00e9rve rend\u0151rs\u00e9g. Aki felvette a bejelent\u00e9sem az azt mondta, j\u00f3,hogy mindent dokument\u00e1lok Fb-n, itt. Itt van mikor, mit, \u00e9s h\u00e1nykor raktam fel. No most a doksi ennyi...<\/p>","type":"rich"}