{"version":"1.0","provider_name":"Csal\u00e1di \u00e9let a gy\u00e1m\u00fcgy nyom\u00e1sa alatt","provider_url":"https:\/\/pilcz.cafeblog.hu","author_name":"pilczr@freemail.hu","author_url":"https:\/\/pilcz.cafeblog.hu\/author\/pilczrfreemail-hu\/","title":"Sz\u00e1munkra j\u00f3 h\u00edr.....","html":"<p style=\"text-align: center\">Hello<\/p>\r\n<p>&nbsp;<\/p>\r\n<p>A mai napon is sok mindent kellett elint\u00e9znem.\u00a0 voltam a B\u00edr\u00f3s\u00e1gon beadni pap\u00edrt. M\u00e1r rutin szer\u0171en megy :).\u00a0 Beadtam a mag\u00e1nlaks\u00e9rt\u00e9ses pap\u00edr miatt is, amit a B\u00edr\u00f3s\u00e1gt\u00f3l a v\u00e9gz\u00e9sr\u0151l pap\u00edrt nem kaptam, a m\u00e1sik a k\u00f6zmunka b\u00fcntet\u00e9sem elt\u00f6rl\u00e9se szoci\u00e1lis indokokra hivatkozva.\u00a0 Ezeket a pap\u00edrokat beadtam, ut\u00e1na vittem a t\u00f6kit oviba, \u00e9s ut\u00e1na a munkahely. Napk\u00f6zben a dolgaimat int\u00e9zgettem telefonon, a l\u00e1nyomnak a betegs\u00e9g\u00e9re irattam tablett\u00e1t, \u00e9s sz\u00f3ltam amiatt is, hogy ma neki menni kell fodr\u00e1szatba is. A csal\u00e1dseg\u00edt\u0151t is h\u00edvtam, hogy mi van a fellebbez\u00e9semben. A munka ut\u00e1n lel\u00e9p\u00e9s, a t\u00f6ki felszed\u00e9se, \u00e9s els\u0151 utam a l\u00e1nyomhoz vezetett, hogy kifizessem a fodr\u00e1szt. Otthagytam, \u00e9s mentem a m\u0171vh\u00e1zba, hogy a Gy\u00e1m\u00fcgy fel\u00e9 a fellebbez\u00e9sem kinyomtassam, \u00e9s az \u00d6nkorm\u00e1nyzatban be tudjam adni. Mell\u00e9 m\u00e9g a B\u00f6zsi utalv\u00e1nyokat is felvettem. A csal\u00e1di is megj\u00f6tt reggel, \u00edgy j\u00f3l indult a hetem. A h\u00e1romnegyed n\u00e9gyes busszal siettem haza. Kaja nem volt csin\u00e1lva, a palacsinta tegnap, nagy\u00fczemi m\u00f3dban, n\u00e1lunk lehet b\u00e1rmennyi, az akkor is kev\u00e9s. Elegem volt a konyh\u00e1b\u00f3l.<\/p>\r\n<p>Ma eszembe jutott, hogy van guly\u00e1shoz csontom, meg h\u00fasom, \u00edgy az lesz ma a kaja.\u00a0 Megvettem azt ami m\u00e9g kellett, kicsomagoltam itthon, \u00e9s neki \u00e1lltam csin\u00e1lni a levest. Pr\u00fcntyizett a Messenger. J\u00f3, hogy r\u00e1n\u00e9ztem. J\u00f6ttek megn\u00e9zni a lak\u00e1st. Mindent elmondtam r\u00f3la, amit \u00e9rdemes. Pozit\u00edv, negat\u00edv dolgokat is. \u00c9n korrekt voltam, \u00fagy \u00e9rzem. Igaz, hogy nagyon el akarom adni a lak\u00e1st, de becs\u00fcletes m\u00f3don. J\u00f3l megn\u00e9zt\u00e9k a lak\u00e1st, Kicsit alkudoztak, engedtem, de akkor \u00e9n is \u00fagy vagyok vele, hogy 1-2 h\u00f3napot m\u00e9g itt lakom benne, am\u00edg nem tal\u00e1lok albit Feh\u00e9rv\u00e1ron.\u00a0 M\u00e1sf\u00e9l szob\u00e1s b\u00fatorozatlan \u00e9rdekelni is fog. Lesz mib\u0151l kifizetni a lak\u00e1st, kauci\u00f3t,\u00a0 \u00e9s marad is , az megy k\u00fcl\u00f6n sz\u00e1ml\u00e1ra, az lesz a v\u00e9sztartal\u00e9k. \u00cdgy alb\u00e9rletet mindig tudom majd fizetni legyen b\u00e1rmi is. Legywen az ember el\u0151rel\u00e1t\u00f3.\u00a0<\/p>\r\n<p>Err\u0151l egy dolog m\u00e9g az eszembe jutott, hogy ha ez siker\u00fcl, akkor a gy\u00e1m\u00fcgyes pap\u00edron \u00edrva volt, hogy mit szeretett volna a nagyapi, k\u00e9thetente szombaton 10-18-ig a gyerekek ott n\u00e1luk. Ha innen elmegy\u00fcnk, akkor p\u00e1p\u00e1 \u00f6tlet. \u00c9ln\u00e9nk nyugalomban, nem l\u00e1tn\u00e1nk \u0151ket nap mint nap. Csak azon mosolygok, hogy a gyerekek m\u00e1r nagyon menni akarnak. V\u00e1rn\u00e1k.\u00a0 No most kb ennyi, v\u00e1rom a v\u00e9gkifejletet... Lesz men\u00e9s vagy, marad\u00e1s lesz.... :)<\/p>\r\n<p>&nbsp;<\/p>","type":"rich"}